{"id":4144,"date":"2023-11-07T21:41:58","date_gmt":"2023-11-07T20:41:58","guid":{"rendered":"https:\/\/www.afadomeny.cat\/?page_id=4144"},"modified":"2026-04-09T09:28:40","modified_gmt":"2026-04-09T08:28:40","slug":"prn_extraescolars","status":"publish","type":"page","link":"https:\/\/www.afadomeny.cat\/index.php\/prn_extraescolars\/","title":{"rendered":"Activitats extraescolars curs 2025-2026"},"content":{"rendered":"\n<!--<p><code><\/code><strong>Preinscripcions a partir del 15 de juny de 2025.<\/strong><\/p>-->\n<ul>\n<li><a href=\"https:\/\/www.afadomeny.cat\/index.php\/que-fem\/extraescolars\/angles\/\" data-wplink-edit=\"true\">Angl\u00e8s<\/a> <strong><span style=\"color: #ff0000;\"><sup>Nova empresa!!<\/sup><\/span><\/strong><\/li>\n<li><a href=\"https:\/\/www.afadomeny.cat\/index.php\/que-fem\/extraescolars\/atletisme\/\">Atletisme<\/a><strong><span style=\"color: #ff0000;\"><sup>Novetat!!<\/sup><\/span><\/strong><\/li>\n<li><a href=\"\/\/www.afadomeny.cat\/index.php\/que-fem\/extraescolars\/danses-urbanes\/\">Danses urbanes<\/a><\/li>\n<li><a href=\"https:\/\/www.afadomeny.cat\/index.php\/educacio-emocional\/\">Educaci\u00f3 emocional<\/a><\/li>\n<li><a href=\"\/\/www.afadomeny.cat\/index.php\/que-fem\/extraescolars\/escacs\/\">Escacs<\/a><\/li>\n<li><a href=\"https:\/\/www.afadomeny.cat\/index.php\/que-fem\/extraescolars\/esport-adaptat\/\">Esport adaptat<\/a><strong><span style=\"color: #ff0000;\"><sup>Novetat!!<\/sup><\/span><\/strong><\/li>\n<li><a href=\"\/\/www.afadomeny.cat\/index.php\/que-fem\/extraescolars\/handbol\/\">Handbol<\/a><\/li>\n<li><a href=\"https:\/\/www.afadomeny.cat\/index.php\/que-fem\/extraescolars\/ioga\/\">Ioga<\/a><strong><span style=\"color: #ff0000;\"><sup>Novetat!!<\/sup><\/span><\/strong><\/li>\n<li><a href=\"\/\/www.afadomeny.cat\/index.php\/que-fem\/extraescolars\/logopedia\/\">Logop\u00e8dia<\/a><\/li>\n<li><a href=\"\/\/www.afadomeny.cat\/index.php\/que-fem\/extraescolars\/mecanografia\/\">Mecanografia<\/a><\/li>\n<li><a href=\"\/\/www.afadomeny.cat\/index.php\/que-fem\/extraescolars\/multiesport\/\">Multiesport<\/a><\/li>\n<li><a href=\"\/\/www.afadomeny.cat\/index.php\/que-fem\/extraescolars\/Musica\/\">M\u00fasica<\/a><\/li>\n<li><a href=\"\/\/www.afadomeny.cat\/index.php\/que-fem\/extraescolars\/patinatge\/\">Patinatge<\/a><\/li>\n<li><a href=\"\/\/www.afadomeny.cat\/index.php\/que-fem\/extraescolars\/geieg\/\">Piscina<\/a><\/li>\n<li><a href=\"https:\/\/www.afadomeny.cat\/index.php\/que-fem\/extraescolars\/reforc-escolar\/\">Refor\u00e7 escolar<\/a><\/li>\n<li><a href=\"\/\/www.afadomeny.cat\/index.php\/que-fem\/extraescolars\/ritmica\/\">R\u00edtmica<\/a><\/li>\n<li><a href=\"https:\/\/www.afadomeny.cat\/index.php\/que-fem\/extraescolars\/rugbi\/\">Rugbi<\/a><strong><span style=\"color: #ff0000;\"><sup>Novetat!!<\/sup><\/span><\/strong><\/li>\n<li><a href=\"\/\/www.afadomeny.cat\/index.php\/que-fem\/extraescolars\/art\/\">Taller d&#8217;Art\u00a0<\/a><\/li>\n<li><a href=\"https:\/\/www.afadomeny.cat\/index.php\/que-fem\/extraescolars\/tenis\/\">Tenis<\/a><\/li>\n<li><a href=\"https:\/\/www.afadomeny.cat\/index.php\/que-fem\/extraescolars\/tenis-taula\/\">Tenis taula\u00a0<\/a><\/li>\n<li><a href=\"https:\/\/www.afadomeny.cat\/index.php\/que-fem\/extraescolars\/teatre-i-expressio-corporal\/\">Teatre i expressi\u00f3 corporal<\/a><\/li>\n<\/ul>\n<p>\u00a0<\/p>\n<p><strong>Observacions:<\/strong><br \/>Des de l\u2019AFA estem creant un projecte inclusiu d&#8217;extraescolars que vol, des de l&#8217;educaci\u00f3 en el lleure, garantir l&#8217;acc\u00e9s i participaci\u00f3 de TOTS els infants de l\u2019escola, trencant barreres i desterrant mites i prejudicis. \u00c9s per aix\u00f2 que demanem el comprom\u00eds directe de les empreses que hi presten servei, estipulant uns m\u00ednims requerits perqu\u00e8 aix\u00f2 es pugui dur a terme. <a href=\"https:\/\/www.afadomeny.cat\/wp-content\/uploads\/2023\/06\/Carta-extraescolars-inclusives.pdf\" target=\"_blank\" rel=\"noopener\">Carta de comprom\u00eds per unes extraescolars inclusives<\/a><\/p>\n<p>Cada activitat est\u00e0 adaptada a l\u2019edat. S&#8217;ofereixen activitats d&#8217;I3 a 6\u00e8.<br \/><strong>Recordeu que per poder realitzar extraescolars, cal ser soci de l&#8217;AFA.<\/strong><\/p>\n<p>Totes les activitats extraescolars de la nostra AFA han de complir <a href=\"https:\/\/www.afadomeny.cat\/wp-content\/uploads\/2015\/11\/Normativa-Extraescolars.pdf\">aquesta normativa<\/a><\/p>\n\n\n\n\n\n\n","protected":false},"excerpt":{"rendered":"<p>Angl\u00e8s Nova empresa!! AtletismeNovetat!! Danses urbanes Educaci\u00f3 emocional Escacs Esport adaptatNovetat!! Handbol IogaNovetat!! Logop\u00e8dia Mecanografia Multiesport M\u00fasica Patinatge Piscina Refor\u00e7 escolar R\u00edtmica RugbiNovetat!! Taller d&#8217;Art\u00a0 Tenis Tenis taula\u00a0 Teatre i expressi\u00f3 corporal \u00a0 Observacions:Des de<\/p>\n","protected":false},"author":5,"featured_media":0,"parent":0,"menu_order":0,"comment_status":"closed","ping_status":"closed","template":"","meta":{"footnotes":""},"class_list":["post-4144","page","type-page","status-publish","hentry"],"_links":{"self":[{"href":"https:\/\/www.afadomeny.cat\/index.php\/wp-json\/wp\/v2\/pages\/4144","targetHints":{"allow":["GET"]}}],"collection":[{"href":"https:\/\/www.afadomeny.cat\/index.php\/wp-json\/wp\/v2\/pages"}],"about":[{"href":"https:\/\/www.afadomeny.cat\/index.php\/wp-json\/wp\/v2\/types\/page"}],"author":[{"embeddable":true,"href":"https:\/\/www.afadomeny.cat\/index.php\/wp-json\/wp\/v2\/users\/5"}],"replies":[{"embeddable":true,"href":"https:\/\/www.afadomeny.cat\/index.php\/wp-json\/wp\/v2\/comments?post=4144"}],"version-history":[{"count":40,"href":"https:\/\/www.afadomeny.cat\/index.php\/wp-json\/wp\/v2\/pages\/4144\/revisions"}],"predecessor-version":[{"id":4787,"href":"https:\/\/www.afadomeny.cat\/index.php\/wp-json\/wp\/v2\/pages\/4144\/revisions\/4787"}],"wp:attachment":[{"href":"https:\/\/www.afadomeny.cat\/index.php\/wp-json\/wp\/v2\/media?parent=4144"}],"curies":[{"name":"wp","href":"https:\/\/api.w.org\/{rel}","templated":true}]}}