{"id":4140,"date":"2023-11-07T21:35:58","date_gmt":"2023-11-07T20:35:58","guid":{"rendered":"https:\/\/www.afadomeny.cat\/?page_id=4140"},"modified":"2025-10-06T09:34:07","modified_gmt":"2025-10-06T08:34:07","slug":"prn_menjador-2","status":"publish","type":"page","link":"https:\/\/www.afadomeny.cat\/index.php\/que-fem\/prn_menjador-2\/","title":{"rendered":"Menjador"},"content":{"rendered":"\n<p>El seg\u00fcent contingut est\u00e0 extret majorit\u00e0riament del<em> Pla de funcionament del servei de menjador(curs 23-24)<\/em>\u00a0que podeu trobar <a href=\"https:\/\/drive.google.com\/file\/d\/1oOf33NmMPVCivJJqKOyOtTFRlWzuXyMd\/view\">aqui<\/a>.<\/p>\n<h3 style=\"text-align: justify;\">Funcionament del menjador<\/h3>\n<p style=\"text-align: justify;\">El servei de menjador de l\u2019Escola Domeny \u00e9s de titularitat de l\u2019AFA de l\u2019Escola, la qual contracta els serveis a l\u2019empresa Bo i Sa, Serveis d\u2019\u00c0pats, SL (BOiSA), per a la realitzaci\u00f3 de la seva gesti\u00f3, tant de producci\u00f3 del menjar com per dur a terme les tasques assistencials i de transmissi\u00f3 d\u2019h\u00e0bits educatius.<\/p>\n<p style=\"text-align: justify;\">Regularment es reuneix la <a href=\"https:\/\/www.afadomeny.cat\/index.php\/que-fem\/prn_menjador\/\">comissi\u00f3 de menjador<\/a> amb la empresa BOiSA i la direcci\u00f3 del centre per fer un seguiment del funcionament del menjador. En aquestes reunions, tamb\u00e9 es debaten i s&#8217;aproven propostes de millora tant des del punt de vista educatiu com el log\u00edstic.<\/p>\n<p>La comissi\u00f3 de menjador tamb\u00e9 revisa els men\u00fas proposats per BOiSA i gestiona les visites de menjador, a on les fam\u00edlies poden veure el funcionament del menjador in-situ.<\/p>\n<p>BOiSA cuina els men\u00fas dins de les pr\u00f2pies instal\u00b7lacions de l\u2019Escola Domeny.<\/p>\n<h3>Els men\u00fas<\/h3>\n<ul>\n<li>La dietista de l\u2019empresa elabora uns men\u00fas mensuals. Aquests men\u00fas s\u00f3n p\u00fablics a la web de l\u2019escola i de l\u2019AFA on cada fam\u00edlia se\u2019l pot descarregar. A banda, tamb\u00e9 est\u00e0 penjat a la porta del menjador.<\/li>\n<li>La confecci\u00f3 dels men\u00fas es realitzar\u00e0 d\u2019acord amb els criteris nutricionals del Departament de Sanitat i les recomanacions dels organismes de Salut P\u00fablica.<\/li>\n<li>Els men\u00fas seran adequats a l\u2019edat de l\u2019alumnat. Es procurar\u00e0 que hi hagi varietat d\u2019aliments i de t\u00e8cniques de cocci\u00f3, que sigui una dieta equilibrada, que s\u2019utilitzin productes de temporada i mat\u00e8ries primeres i que hi siguin poc presents els productes precuinats.<\/li>\n<li>Cada men\u00fa s\u2019integrar\u00e0 de primer plat, segon plat, unes postres, pa i aigua.<\/li>\n<li>Els primers plats alternaran productes b\u00e0sics: cereals, pasta, arr\u00f2s, verdures, llegums i patates.<\/li>\n<li>Els segons plats alternaran carn, peix i ous amb la seva guarnici\u00f3.<\/li>\n<li>Les postres s\u00f3n preferentment fruita del temps o b\u00e9 productes l\u00e0ctics com iogurt i ocasionalment natilles, flam, postres casolans, etc.<\/li>\n<li>Els men\u00fas previstos tan sols es podran canviar per causa de for\u00e7a major: falta de subministrament d\u2019un aliment, avaria de la cuina, abs\u00e8ncia de personal, etc.<\/li>\n<\/ul>\n<p>Es preveuen men\u00fas especials per als seg\u00fcents casos espec\u00edfics:<\/p>\n<ul>\n<li>Si algun nen o nena ha de fer una dieta determinada a causa de qualsevol tipus de malaltia, al\u00b7l\u00e8rgia i\/o intoler\u00e0ncia, la fam\u00edlia haur\u00e0 de presentar un certificat m\u00e8dic oficial amb el reconeixement de la malaltia i amb les indicacions aliment\u00e0ries adients.<\/li>\n<li>Es respectar\u00e0 la possibilitat d\u2019oferir un men\u00fa adequat per a motius m\u00e8dics i\/o religiosos degudament sol\u00b7licitat i documentat d\u2019acord amb les possibilitats del servei.<\/li>\n<li>Nens o nenes que necessiten dieta un dia determinat: cal que la fam\u00edlia avisi a la coordinadora del servei per tal que aquesta ho comuniqui a la cuina omplint la documentaci\u00f3 corresponent.<\/li>\n<li>En cap cas es permetr\u00e0 que les fam\u00edlies portin el seu menjar de l\u2019exterior, ni tampoc que es quedin alumnes al menjador sense menjar.<\/li>\n<li>A les fam\u00edlies dels nens i nenes que fan un men\u00fa especial de manera cont\u00ednua, se\u2019ls imprimir\u00e0 un men\u00fa per a ell\/a.<\/li>\n<\/ul>\n<h3>Sistemes d&#8217;informaci\u00f3 a les fam\u00edlies<\/h3>\n<p>L\u2019empresa gestora del servei, BO i SA, disposar\u00e0 dels mitjans seg\u00fcents d\u2019informaci\u00f3 sobre el servei a les fam\u00edlies:<\/p>\n<ul>\n<li><strong>\u00a0Hores atenci\u00f3 telef\u00f2nica:<\/strong> les fam\u00edlies disposaran cada dia (en horari de 11:00 a 12:30h) de temps per posar-se en contacte amb la coordinadora del servei (Raquel, 679 46 75 64), per demanar una entrevista o simplement per saber com es troba el seu fill.<\/li>\n<li><strong>Hores de tutoria:<\/strong> les fam\u00edlies poden demanar una entrevista amb la coordinadora del servei o el mateix coordinador\/a Pedag\u00f2gic\/a per aclarir o informar de qualsevol tema referent al menjador o al seu fill\/a.<\/li>\n<\/ul>\n<p>Mitjan\u00e7ant el correu electr\u00f2nic o trucades telef\u00f2niques es facilitar\u00e0 informaci\u00f3 a les fam\u00edlies referents a seguiments, informaci\u00f3 i\/o incidents:<\/p>\n<ul>\n<li>Circulars: per informar a les fam\u00edlies sobre els seus fill\/es, si s\u2019ha trobat malament, una caiguda, mal comportament, etc.<\/li>\n<li>Fulls de reclamaci\u00f3: per cursar per escrit les reclamacions, queixes o suggeriments.<\/li>\n<li>Incid\u00e8ncies: per informar a les fam\u00edlies de successos lleus que hagin sorgit durant l\u2019estona de menjador.<\/li>\n<li>Comunicat d\u2019impagats: full que avisa d\u2019un rebut retornat per part de Secretaria de BO i SA.<\/li>\n<li>Men\u00fa al\u00b7l\u00e8rgies i intoler\u00e0ncies que no puguin seguir els men\u00fas normals.<\/li>\n<\/ul>\n<h3>Normativa b\u00e0sica pels alumnes<\/h3>\n<p>En el temps de menjador:<\/p>\n<ul>\n<li>Al menjador, entrar de manera discreta en el so i ordenada en la forma.<\/li>\n<li>Rentar-se les mans.<\/li>\n<li>Seure correctament al lloc assignat i de manera discreta.<\/li>\n<li>Menjar de manera correcta utilitzant els coberts, d\u2019acord amb les indicacions de la monitora, en funci\u00f3 de l\u2019edat.<\/li>\n<li>Menjar una mica de tot i la quantitat adequada.<\/li>\n<li>No aixecar-se de la taula fins que s\u2019acaba de dinar.<\/li>\n<li>Parlar nom\u00e9s amb els companys de taula amb un to de veu suau.<\/li>\n<li>En tot moment s\u2019ha de mantenir un tracte respectu\u00f3s.<\/li>\n<li>No es pot treure menjar fora del menjador.<\/li>\n<li>No llen\u00e7ar menjar a terra i, si cau, recollir-lo i deixar-lo al lloc adient.<\/li>\n<\/ul>\n<p>En el temps de pati:<\/p>\n<ul>\n<li>No entrar a les classes ni passadissos.<\/li>\n<li>Rentar-se les mans abans de reincorporar-se a les classes.<\/li>\n<li>En tot moment s\u2019ha de mantenir un tracte respectu\u00f3s.<\/li>\n<li>No es pot sortir de l\u2019escola, excepte en els casos ja tipificats.<\/li>\n<li>Tractar el material de forma respectuosa.<\/li>\n<\/ul>\n<h3>Preu del servei<\/h3>\n<p>El preu aprovat pel Consell Escolar del Centre pel curs 2023-2024:<\/p>\n<ul>\n<li>Alumnes fix: 6,24 \u20ac al dia.<\/li>\n<li>Alumnes eventuals: 6,24 \u20ac al dia.<\/li>\n<li>Mestres: 4,65 \u20ac al dia.<\/li>\n<\/ul>\n<p>Cobrament del servei:<\/p>\n<ul>\n<li>El rebut de cada mes ser\u00e0 el resultat de multiplicar el preu del menjador pels dies d\u2019assist\u00e8ncia.<\/li>\n<li>El cobrament dels rebuts als alumnes fixos i eventuals es far\u00e0 mitjan\u00e7ant domiciliaci\u00f3 banc\u00e0ria i per mes ven\u00e7ut.<\/li>\n<li>En el cas que un alumne sigui beneficiari d\u2019una beca o gratu\u00eftat del menjador, el preu del rebut es modificar\u00e0 d\u2019acord\u00a0 mb l\u2019ajut concedit.<\/li>\n<li>En els casos de rebuts retornats es far\u00e0 arribar un comunicat a la fam\u00edlia i aquesta disposar\u00e0 de 4 dies laborables per ingressar-lo pel banc al n\u00famero de compte facilitat. Si en aquest termini no ha saldat el deute, se li fa un segon comunicat d\u2019impagament i se li dona 3 dies m\u00e9s per pagar el deute abans de comunicar que l\u2019alumne no podr\u00e0 fer \u00fas del menjador fins que saldi aquest deute.<\/li>\n<li>Les despeses de devoluci\u00f3 banc\u00e0ries, 6\u20ac, aniran a c\u00e0rrec de l\u2019usuari.<\/li>\n<\/ul>\n","protected":false},"excerpt":{"rendered":"<p>El seg\u00fcent contingut est\u00e0 extret majorit\u00e0riament del Pla de funcionament del servei de menjador(curs 23-24)\u00a0que podeu trobar aqui. Funcionament del menjador El servei de menjador de l\u2019Escola Domeny \u00e9s de titularitat de l\u2019AFA de l\u2019Escola,<\/p>\n","protected":false},"author":5,"featured_media":0,"parent":15,"menu_order":0,"comment_status":"closed","ping_status":"closed","template":"","meta":{"footnotes":""},"class_list":["post-4140","page","type-page","status-publish","hentry"],"_links":{"self":[{"href":"https:\/\/www.afadomeny.cat\/index.php\/wp-json\/wp\/v2\/pages\/4140","targetHints":{"allow":["GET"]}}],"collection":[{"href":"https:\/\/www.afadomeny.cat\/index.php\/wp-json\/wp\/v2\/pages"}],"about":[{"href":"https:\/\/www.afadomeny.cat\/index.php\/wp-json\/wp\/v2\/types\/page"}],"author":[{"embeddable":true,"href":"https:\/\/www.afadomeny.cat\/index.php\/wp-json\/wp\/v2\/users\/5"}],"replies":[{"embeddable":true,"href":"https:\/\/www.afadomeny.cat\/index.php\/wp-json\/wp\/v2\/comments?post=4140"}],"version-history":[{"count":13,"href":"https:\/\/www.afadomeny.cat\/index.php\/wp-json\/wp\/v2\/pages\/4140\/revisions"}],"predecessor-version":[{"id":4738,"href":"https:\/\/www.afadomeny.cat\/index.php\/wp-json\/wp\/v2\/pages\/4140\/revisions\/4738"}],"up":[{"embeddable":true,"href":"https:\/\/www.afadomeny.cat\/index.php\/wp-json\/wp\/v2\/pages\/15"}],"wp:attachment":[{"href":"https:\/\/www.afadomeny.cat\/index.php\/wp-json\/wp\/v2\/media?parent=4140"}],"curies":[{"name":"wp","href":"https:\/\/api.w.org\/{rel}","templated":true}]}}